{"id":6051,"date":"2025-09-14T20:38:50","date_gmt":"2025-09-14T19:38:50","guid":{"rendered":"https:\/\/www.martinasilvester.org\/?page_id=6051"},"modified":"2026-03-09T19:57:23","modified_gmt":"2026-03-09T18:57:23","slug":"naiades","status":"publish","type":"page","link":"https:\/\/www.martinasilvester.org\/fr\/naiades\/","title":{"rendered":"Naiades"},"content":{"rendered":"\t\t<div data-elementor-type=\"wp-page\" data-elementor-id=\"6051\" class=\"elementor elementor-6051 elementor-5262\">\n\t\t\t\t\t\t<section class=\"elementor-section elementor-top-section elementor-element elementor-element-982b188 elementor-hidden-mobile elementor-section-boxed elementor-section-height-default elementor-section-height-default\" data-id=\"982b188\" data-element_type=\"section\" data-e-type=\"section\">\n\t\t\t\t\t\t<div class=\"elementor-container elementor-column-gap-wider\">\n\t\t\t\t\t<div class=\"elementor-column elementor-col-33 elementor-top-column elementor-element elementor-element-3a08e81\" data-id=\"3a08e81\" data-element_type=\"column\" data-e-type=\"column\">\n\t\t\t<div class=\"elementor-widget-wrap elementor-element-populated\">\n\t\t\t\t\t\t<div class=\"elementor-element elementor-element-7a3ee80 elementor-widget elementor-widget-image\" data-id=\"7a3ee80\" data-element_type=\"widget\" data-e-type=\"widget\" data-widget_type=\"image.default\">\n\t\t\t\t<div class=\"elementor-widget-container\">\n\t\t\t\t\t\t\t\t\t\t\t\t\t\t\t<img fetchpriority=\"high\" decoding=\"async\" width=\"900\" height=\"600\" src=\"https:\/\/www.martinasilvester.org\/wp-content\/uploads\/2025\/09\/DSC08287-1024x683.jpg\" class=\"attachment-large size-large wp-image-5504\" alt=\"\" srcset=\"https:\/\/www.martinasilvester.org\/wp-content\/uploads\/2025\/09\/DSC08287-1024x683.jpg 1024w, https:\/\/www.martinasilvester.org\/wp-content\/uploads\/2025\/09\/DSC08287-300x200.jpg 300w, https:\/\/www.martinasilvester.org\/wp-content\/uploads\/2025\/09\/DSC08287-768x512.jpg 768w, https:\/\/www.martinasilvester.org\/wp-content\/uploads\/2025\/09\/DSC08287-1536x1024.jpg 1536w, https:\/\/www.martinasilvester.org\/wp-content\/uploads\/2025\/09\/DSC08287-2048x1365.jpg 2048w\" sizes=\"(max-width: 900px) 100vw, 900px\" \/>\t\t\t\t\t\t\t\t\t\t\t\t\t\t\t<\/div>\n\t\t\t\t<\/div>\n\t\t\t\t\t<\/div>\n\t\t<\/div>\n\t\t\t\t<div class=\"elementor-column elementor-col-66 elementor-top-column elementor-element elementor-element-ce11996\" data-id=\"ce11996\" data-element_type=\"column\" data-e-type=\"column\">\n\t\t\t<div class=\"elementor-widget-wrap elementor-element-populated\">\n\t\t\t\t\t\t<div class=\"elementor-element elementor-element-a465042 elementor-widget elementor-widget-text-editor\" data-id=\"a465042\" data-element_type=\"widget\" data-e-type=\"widget\" data-widget_type=\"text-editor.default\">\n\t\t\t\t<div class=\"elementor-widget-container\">\n\t\t\t\t\t\t\t\t\t<h5 style=\"font-weight: 400;\"><span style=\"color: #1a130b;\">Naiades &#8211; les nymphes du fleuve sont devenues le nom de l&#8217;ensemble gr\u00e2ce \u00e0 l&#8217;\u0153uvre &#8220;Naiades&#8221; de William Alwyn, car c&#8217;est pr\u00e9cis\u00e9ment avec elle qu&#8217;a commenc\u00e9 la collaboration entre la harpiste <span style=\"color: #aa0021;\"><a style=\"color: #aa0021;\" href=\"https:\/\/feodorajohannamandel.de\/\" target=\"_blank\" rel=\"noopener\">Feodora Johanna Mandel<\/a><\/span> et Martina Silvester. L&#8217;ensemble affectionne tout particuli\u00e8rement les programmes originaux, avec des compositions allant de la musique m\u00e9di\u00e9vale \u00e0 Ravi Shankar, et d\u00e9veloppe \u00e0 cet effet des programmes th\u00e9matiques et des concerts conceptuels. Le duo propose \u00e9galement des concerts pour enfants. <\/span><\/h5>\t\t\t\t\t\t\t\t<\/div>\n\t\t\t\t<\/div>\n\t\t\t\t\t<\/div>\n\t\t<\/div>\n\t\t\t\t\t<\/div>\n\t\t<\/section>\n\t\t\t\t<section class=\"elementor-section elementor-top-section elementor-element elementor-element-8cdf2c5 elementor-hidden-desktop elementor-hidden-tablet elementor-section-boxed elementor-section-height-default elementor-section-height-default\" data-id=\"8cdf2c5\" data-element_type=\"section\" data-e-type=\"section\">\n\t\t\t\t\t\t<div class=\"elementor-container elementor-column-gap-default\">\n\t\t\t\t\t<div class=\"elementor-column elementor-col-100 elementor-top-column elementor-element elementor-element-1129630\" data-id=\"1129630\" data-element_type=\"column\" data-e-type=\"column\">\n\t\t\t<div class=\"elementor-widget-wrap elementor-element-populated\">\n\t\t\t\t\t\t<div class=\"elementor-element elementor-element-2e30ab0 elementor-widget elementor-widget-image\" data-id=\"2e30ab0\" data-element_type=\"widget\" data-e-type=\"widget\" data-widget_type=\"image.default\">\n\t\t\t\t<div class=\"elementor-widget-container\">\n\t\t\t\t\t\t\t\t\t\t\t\t\t\t\t<img fetchpriority=\"high\" decoding=\"async\" width=\"900\" height=\"600\" src=\"https:\/\/www.martinasilvester.org\/wp-content\/uploads\/2025\/09\/DSC08287-1024x683.jpg\" class=\"attachment-large size-large wp-image-5504\" alt=\"\" srcset=\"https:\/\/www.martinasilvester.org\/wp-content\/uploads\/2025\/09\/DSC08287-1024x683.jpg 1024w, https:\/\/www.martinasilvester.org\/wp-content\/uploads\/2025\/09\/DSC08287-300x200.jpg 300w, https:\/\/www.martinasilvester.org\/wp-content\/uploads\/2025\/09\/DSC08287-768x512.jpg 768w, https:\/\/www.martinasilvester.org\/wp-content\/uploads\/2025\/09\/DSC08287-1536x1024.jpg 1536w, https:\/\/www.martinasilvester.org\/wp-content\/uploads\/2025\/09\/DSC08287-2048x1365.jpg 2048w\" sizes=\"(max-width: 900px) 100vw, 900px\" \/>\t\t\t\t\t\t\t\t\t\t\t\t\t\t\t<\/div>\n\t\t\t\t<\/div>\n\t\t\t\t<div class=\"elementor-element elementor-element-cef2914 elementor-widget elementor-widget-text-editor\" data-id=\"cef2914\" data-element_type=\"widget\" data-e-type=\"widget\" data-widget_type=\"text-editor.default\">\n\t\t\t\t<div class=\"elementor-widget-container\">\n\t\t\t\t\t\t\t\t\t<h5 style=\"font-weight: 400;\"><span style=\"color: #1a130b;\">Naiades &#8211; les nymphes du fleuve sont devenues le nom de l&#8217;ensemble gr\u00e2ce \u00e0 l&#8217;\u0153uvre &#8220;Naiades&#8221; de William Alwyn, car c&#8217;est pr\u00e9cis\u00e9ment avec elle qu&#8217;a commenc\u00e9 la collaboration entre la harpiste <span style=\"color: #aa0021;\"><a style=\"color: #aa0021;\" href=\"https:\/\/feodorajohannamandel.de\/\" target=\"_blank\" rel=\"noopener\">Feodora Johanna Mandel<\/a><\/span> et Martina Silvester. L&#8217;ensemble affectionne tout particuli\u00e8rement les programmes originaux, avec des compositions allant de la musique m\u00e9di\u00e9vale \u00e0 Ravi Shankar, et d\u00e9veloppe \u00e0 cet effet des programmes th\u00e9matiques et des concerts conceptuels. Le duo propose \u00e9galement des concerts pour enfants. <\/span><\/h5>\t\t\t\t\t\t\t\t<\/div>\n\t\t\t\t<\/div>\n\t\t\t\t\t<\/div>\n\t\t<\/div>\n\t\t\t\t\t<\/div>\n\t\t<\/section>\n\t\t\t\t<section class=\"elementor-section elementor-top-section elementor-element elementor-element-3c93227 elementor-section-boxed elementor-section-height-default elementor-section-height-default\" data-id=\"3c93227\" data-element_type=\"section\" data-e-type=\"section\">\n\t\t\t\t\t\t<div class=\"elementor-container elementor-column-gap-default\">\n\t\t\t\t\t<div class=\"elementor-column elementor-col-100 elementor-top-column elementor-element elementor-element-d9237d6\" data-id=\"d9237d6\" data-element_type=\"column\" data-e-type=\"column\">\n\t\t\t<div class=\"elementor-widget-wrap elementor-element-populated\">\n\t\t\t\t\t\t<div class=\"elementor-element elementor-element-43fe3d7 elementor-widget elementor-widget-text-editor\" data-id=\"43fe3d7\" data-element_type=\"widget\" data-e-type=\"widget\" data-widget_type=\"text-editor.default\">\n\t\t\t\t<div class=\"elementor-widget-container\">\n\t\t\t\t\t\t\t\t\t<h5 style=\"font-weight: 400;\"><strong><u>Extraits de programmes<\/u><\/strong><\/h5>\t\t\t\t\t\t\t\t<\/div>\n\t\t\t\t<\/div>\n\t\t\t\t\t<\/div>\n\t\t<\/div>\n\t\t\t\t\t<\/div>\n\t\t<\/section>\n\t\t\t\t<section class=\"elementor-section elementor-top-section elementor-element elementor-element-9ceea8e elementor-section-boxed elementor-section-height-default elementor-section-height-default\" data-id=\"9ceea8e\" data-element_type=\"section\" data-e-type=\"section\">\n\t\t\t\t\t\t<div class=\"elementor-container elementor-column-gap-default\">\n\t\t\t\t\t<div class=\"elementor-column elementor-col-100 elementor-top-column elementor-element elementor-element-22f1680\" data-id=\"22f1680\" data-element_type=\"column\" data-e-type=\"column\">\n\t\t\t<div class=\"elementor-widget-wrap elementor-element-populated\">\n\t\t\t\t\t\t<div class=\"elementor-element elementor-element-09eba54 elementor-widget elementor-widget-accordion\" data-id=\"09eba54\" data-element_type=\"widget\" data-e-type=\"widget\" data-widget_type=\"accordion.default\">\n\t\t\t\t<div class=\"elementor-widget-container\">\n\t\t\t\t\t\t\t<div class=\"elementor-accordion\">\n\t\t\t\t\t\t\t<div class=\"elementor-accordion-item\">\n\t\t\t\t\t<h5 id=\"elementor-tab-title-1041\" class=\"elementor-tab-title\" data-tab=\"1\" role=\"button\" aria-controls=\"elementor-tab-content-1041\" aria-expanded=\"false\">\n\t\t\t\t\t\t\t\t\t\t\t\t\t<span class=\"elementor-accordion-icon elementor-accordion-icon-left\" aria-hidden=\"true\">\n\t\t\t\t\t\t\t\t\t\t\t\t\t\t\t<span class=\"elementor-accordion-icon-closed\"><i class=\"fas fa-plus\"><\/i><\/span>\n\t\t\t\t\t\t\t\t<span class=\"elementor-accordion-icon-opened\"><i class=\"fas fa-minus\"><\/i><\/span>\n\t\t\t\t\t\t\t\t\t\t\t\t\t\t<\/span>\n\t\t\t\t\t\t\t\t\t\t\t\t<a class=\"elementor-accordion-title\" tabindex=\"0\">\"Le monde de Pan\u201c<\/a>\n\t\t\t\t\t<\/h5>\n\t\t\t\t\t<div id=\"elementor-tab-content-1041\" class=\"elementor-tab-content elementor-clearfix\" data-tab=\"1\" role=\"region\" aria-labelledby=\"elementor-tab-title-1041\"><h5 style=\"font-weight: 400;\"><span style=\"color: #1a130b;\">Un concert anim\u00e9 autour de la vie du demi-dieu Pan, qui ne vit pas sur l&#8217;Olympe comme les autres dieux, mais dans la for\u00eat avec de nombreux animaux. Il aime ses animaux et la for\u00eat, tout comme la nymphe Syrinx. Pan n&#8217;est pas vraiment populaire, mais sans lui, il n&#8217;y aurait pas eu la premi\u00e8re fl\u00fbte, ni l&#8217;\u0153uvre &#8220;Syrinx&#8221;, devenue incontournable dans la litt\u00e9rature pour fl\u00fbte. <em>Avec entre autres des \u0153uvres de Jules Mouquet, William Alwyn, Claude Debussy, Alphonse Hasselmans.<\/em>  <\/span><\/h5>\n<h5 style=\"font-weight: 400;\"><span style=\"color: #1a130b;\">&#8220;Cach\u00e9 dans la fresque du plafond &#8220;Le festin des dieux&#8221; d&#8217;Enderle, Pan &#8211; le dieu des bergers, de la for\u00eat et de la nature &#8211; a observ\u00e9 la harpiste Feodora-Johanna Mandel et la fl\u00fbtiste Martina Silvester marcher sur ses traces et cr\u00e9er un collier de musique de chambre \u00e9blouissant avec des perles de l&#8217;impressionnisme (&#8230;). C&#8217;est par des bravos et des applaudissements nourris que le public de Donauw\u00f6rth a c\u00e9l\u00e9br\u00e9 la magnifique performance des deux artistes&#8221; &#8211; <em>extrait du Donauw\u00f6rther Zeitung du 12 octobre 2016.<\/em> <\/span><\/h5>\n<\/div>\n\t\t\t\t<\/div>\n\t\t\t\t\t\t\t<div class=\"elementor-accordion-item\">\n\t\t\t\t\t<h5 id=\"elementor-tab-title-1042\" class=\"elementor-tab-title\" data-tab=\"2\" role=\"button\" aria-controls=\"elementor-tab-content-1042\" aria-expanded=\"false\">\n\t\t\t\t\t\t\t\t\t\t\t\t\t<span class=\"elementor-accordion-icon elementor-accordion-icon-left\" aria-hidden=\"true\">\n\t\t\t\t\t\t\t\t\t\t\t\t\t\t\t<span class=\"elementor-accordion-icon-closed\"><i class=\"fas fa-plus\"><\/i><\/span>\n\t\t\t\t\t\t\t\t<span class=\"elementor-accordion-icon-opened\"><i class=\"fas fa-minus\"><\/i><\/span>\n\t\t\t\t\t\t\t\t\t\t\t\t\t\t<\/span>\n\t\t\t\t\t\t\t\t\t\t\t\t<a class=\"elementor-accordion-title\" tabindex=\"0\">\"Entre ciel et terre\u201c<\/a>\n\t\t\t\t\t<\/h5>\n\t\t\t\t\t<div id=\"elementor-tab-content-1042\" class=\"elementor-tab-content elementor-clearfix\" data-tab=\"2\" role=\"region\" aria-labelledby=\"elementor-tab-title-1042\"><h5 style=\"font-weight: 400;\"><span style=\"color: #1a130b;\">Le programme r\u00e9unit des compositions et des po\u00e8mes qui parlent de la l\u00e9g\u00e8ret\u00e9 du ciel et de l&#8217;enracinement de la terre. Il vous emm\u00e8ne dans un monde de lumi\u00e8re, d&#8217;ombre, de r\u00eaves et d&#8217;images de la nature &#8211; <em>Avec des \u0153uvres de Claude Debussy, Astor Piazzolla, T\u014dru Takemitsu, entre autres.<\/em> <\/span><\/h5>\n<\/div>\n\t\t\t\t<\/div>\n\t\t\t\t\t\t\t<div class=\"elementor-accordion-item\">\n\t\t\t\t\t<h5 id=\"elementor-tab-title-1043\" class=\"elementor-tab-title\" data-tab=\"3\" role=\"button\" aria-controls=\"elementor-tab-content-1043\" aria-expanded=\"false\">\n\t\t\t\t\t\t\t\t\t\t\t\t\t<span class=\"elementor-accordion-icon elementor-accordion-icon-left\" aria-hidden=\"true\">\n\t\t\t\t\t\t\t\t\t\t\t\t\t\t\t<span class=\"elementor-accordion-icon-closed\"><i class=\"fas fa-plus\"><\/i><\/span>\n\t\t\t\t\t\t\t\t<span class=\"elementor-accordion-icon-opened\"><i class=\"fas fa-minus\"><\/i><\/span>\n\t\t\t\t\t\t\t\t\t\t\t\t\t\t<\/span>\n\t\t\t\t\t\t\t\t\t\t\t\t<a class=\"elementor-accordion-title\" tabindex=\"0\">\" La rivalit\u00e9 entre Pan et Apollon\u201c<\/a>\n\t\t\t\t\t<\/h5>\n\t\t\t\t\t<div id=\"elementor-tab-content-1043\" class=\"elementor-tab-content elementor-clearfix\" data-tab=\"3\" role=\"region\" aria-labelledby=\"elementor-tab-title-1043\"><h5 style=\"font-weight: 400;\"><span style=\"color: #1a130b;\">Un concert pour les enfants \u00e0 partir de 3 ans.<\/span><\/h5>\n<h5 style=\"font-weight: 400;\"><span style=\"color: #1a130b;\">Le dieu-berger Pan n&#8217;a pas la vie facile, puisqu&#8217;il n&#8217;est qu&#8217;\u00e0 moiti\u00e9 dieu et \u00e0 moiti\u00e9 ch\u00e8vre. C&#8217;est pourquoi il n&#8217;habite pas sur le mont Olympe avec les autres dieux, mais dans la for\u00eat, avec tous les animaux qui y vivent. Quant \u00e0 Apollon, le dieu des arts et de la musique, il est une star de l&#8217;Olympe et admir\u00e9 de tous. Mais tous deux aiment faire de la musique : Pan avec sa fl\u00fbte et Apollon avec sa harpe. Mais qui est le meilleur ? Pan veut le savoir et lance un d\u00e9fi \u00e0 Apollon&#8230; <em>&#8211; Avec entre autres des \u0153uvres de Fr\u00e9d\u00e9ric Chopin, Claude Debussy, Jules Mouquet, Jacques Ibert.<\/em><\/span><\/h5>\n<\/div>\n\t\t\t\t<\/div>\n\t\t\t\t\t\t\t\t<\/div>\n\t\t\t\t\t\t<\/div>\n\t\t\t\t<\/div>\n\t\t\t\t\t<\/div>\n\t\t<\/div>\n\t\t\t\t\t<\/div>\n\t\t<\/section>\n\t\t\t\t<section class=\"elementor-section elementor-top-section elementor-element elementor-element-8ca2bf8 elementor-section-boxed elementor-section-height-default elementor-section-height-default\" data-id=\"8ca2bf8\" data-element_type=\"section\" data-e-type=\"section\">\n\t\t\t\t\t\t<div class=\"elementor-container elementor-column-gap-default\">\n\t\t\t\t\t<div class=\"elementor-column elementor-col-100 elementor-top-column elementor-element elementor-element-11f9e94\" data-id=\"11f9e94\" data-element_type=\"column\" data-e-type=\"column\">\n\t\t\t<div class=\"elementor-widget-wrap elementor-element-populated\">\n\t\t\t\t\t\t<div class=\"elementor-element elementor-element-ac4155a elementor-widget elementor-widget-text-editor\" data-id=\"ac4155a\" data-element_type=\"widget\" data-e-type=\"widget\" data-widget_type=\"text-editor.default\">\n\t\t\t\t<div class=\"elementor-widget-container\">\n\t\t\t\t\t\t\t\t\t<h5 style=\"font-weight: 400;\"><span style=\"color: #1a130b;\">&#8220;Lorsque Feodora Johanna Mandel (harpe) et Martina Silvester (fl\u00fbte) font r\u00e9sonner la salle imp\u00e9riale en tant que duo Na\u00efades, elles le font avec une grande clart\u00e9, une grande vivacit\u00e9 et un grand raffinement, en dehors des concerts de musique de chambre habituels. Et ils le font avec beaucoup de charme. (&#8230;) Ce qu&#8217;ils offrent ce soir-l\u00e0, c&#8217;est de la po\u00e9sie dans les sons et les mots.  <\/span><br><span style=\"color: #1a130b;\">Il y a aussi une d\u00e9claration d&#8217;amour \u00e0 toutes les m\u00e8res, qui est en m\u00eame temps la preuve stup\u00e9fiante que m\u00eame Heintje et Elvis Presley s&#8217;int\u00e8grent merveilleusement bien dans un concert classique. (&#8230;) Dans &#8220;Duo Naiades&#8221;, deux excellentes artistes se sont r\u00e9unies&#8221;. <\/span><\/h5>\t\t\t\t\t\t\t\t<\/div>\n\t\t\t\t<\/div>\n\t\t\t\t\t<\/div>\n\t\t<\/div>\n\t\t\t\t\t<\/div>\n\t\t<\/section>\n\t\t\t\t<section class=\"elementor-section elementor-top-section elementor-element elementor-element-61d6a3f elementor-section-boxed elementor-section-height-default elementor-section-height-default\" data-id=\"61d6a3f\" data-element_type=\"section\" data-e-type=\"section\">\n\t\t\t\t\t\t<div class=\"elementor-container elementor-column-gap-default\">\n\t\t\t\t\t<div class=\"elementor-column elementor-col-100 elementor-top-column elementor-element elementor-element-236433a\" data-id=\"236433a\" data-element_type=\"column\" data-e-type=\"column\">\n\t\t\t<div class=\"elementor-widget-wrap elementor-element-populated\">\n\t\t\t\t\t\t<div class=\"elementor-element elementor-element-2972986 elementor-widget elementor-widget-text-editor\" data-id=\"2972986\" data-element_type=\"widget\" data-e-type=\"widget\" data-widget_type=\"text-editor.default\">\n\t\t\t\t<div class=\"elementor-widget-container\">\n\t\t\t\t\t\t\t\t\t<h6 style=\"font-weight: 400; text-align: left;\"><em>tir\u00e9 du Augsburger Allgemeine du 15 mai 2019<\/em><\/h6>\t\t\t\t\t\t\t\t<\/div>\n\t\t\t\t<\/div>\n\t\t\t\t\t<\/div>\n\t\t<\/div>\n\t\t\t\t\t<\/div>\n\t\t<\/section>\n\t\t\t\t<\/div>\n\t\t","protected":false},"excerpt":{"rendered":"<p>Naiades &#8211; les nymphes du fleuve sont devenues le nom de l&#8217;ensemble gr\u00e2ce \u00e0 l&#8217;\u0153uvre &#8220;Naiades&#8221; de William Alwyn, car c&#8217;est pr\u00e9cis\u00e9ment avec elle qu&#8217;a commenc\u00e9 la collaboration entre la harpiste Feodora Johanna Mandel et Martina Silvester. L&#8217;ensemble affectionne tout&#8230;<\/p>\n","protected":false},"author":1,"featured_media":0,"parent":0,"menu_order":0,"comment_status":"closed","ping_status":"closed","template":"elementor_header_footer","meta":{"footnotes":""},"class_list":["post-6051","page","type-page","status-publish","hentry"],"_links":{"self":[{"href":"https:\/\/www.martinasilvester.org\/fr\/wp-json\/wp\/v2\/pages\/6051","targetHints":{"allow":["GET"]}}],"collection":[{"href":"https:\/\/www.martinasilvester.org\/fr\/wp-json\/wp\/v2\/pages"}],"about":[{"href":"https:\/\/www.martinasilvester.org\/fr\/wp-json\/wp\/v2\/types\/page"}],"author":[{"embeddable":true,"href":"https:\/\/www.martinasilvester.org\/fr\/wp-json\/wp\/v2\/users\/1"}],"replies":[{"embeddable":true,"href":"https:\/\/www.martinasilvester.org\/fr\/wp-json\/wp\/v2\/comments?post=6051"}],"version-history":[{"count":34,"href":"https:\/\/www.martinasilvester.org\/fr\/wp-json\/wp\/v2\/pages\/6051\/revisions"}],"predecessor-version":[{"id":9065,"href":"https:\/\/www.martinasilvester.org\/fr\/wp-json\/wp\/v2\/pages\/6051\/revisions\/9065"}],"wp:attachment":[{"href":"https:\/\/www.martinasilvester.org\/fr\/wp-json\/wp\/v2\/media?parent=6051"}],"curies":[{"name":"wp","href":"https:\/\/api.w.org\/{rel}","templated":true}]}}